{"id":54,"date":"2019-08-23T14:13:27","date_gmt":"2019-08-23T12:13:27","guid":{"rendered":"http:\/\/lapocheaviolons.fr\/?page_id=54"},"modified":"2025-09-04T11:42:16","modified_gmt":"2025-09-04T09:42:16","slug":"boites-a-musique","status":"publish","type":"page","link":"https:\/\/lapocheaviolons.fr\/?page_id=54","title":{"rendered":"Arbres \u00e0 musique"},"content":{"rendered":"\n<h2 class=\"wp-block-heading has-text-align-center has-text-color\" style=\"color:#c48f27\"><strong>La BO\u00ceTE en BOIS d&rsquo;ARBRE \u00e0 MUSIQUE est une aventure qui a commenc\u00e9 en 2016\u2026<\/strong><\/h2>\n\n\n<div class=\"wp-block-image\">\n<figure class=\"aligncenter size-full\"><img decoding=\"async\" loading=\"lazy\" width=\"131\" height=\"131\" src=\"https:\/\/lapocheaviolons.fr\/wp-content\/uploads\/2021\/06\/0_Logo-Boite-en-bois-darbre-a-musique.png\" alt=\"\" class=\"wp-image-580\" srcset=\"https:\/\/lapocheaviolons.fr\/wp-content\/uploads\/2021\/06\/0_Logo-Boite-en-bois-darbre-a-musique.png 131w, https:\/\/lapocheaviolons.fr\/wp-content\/uploads\/2021\/06\/0_Logo-Boite-en-bois-darbre-a-musique-100x100.png 100w\" sizes=\"(max-width: 131px) 100vw, 131px\" \/><\/figure><\/div>\n\n\n<figure class=\"wp-block-gallery has-nested-images columns-7 is-cropped wp-block-gallery-1 is-layout-flex\">\n<figure class=\"wp-block-image size-large\"><img decoding=\"async\" loading=\"lazy\" width=\"403\" height=\"302\" data-id=\"857\"  src=\"https:\/\/lapocheaviolons.fr\/wp-content\/uploads\/2025\/09\/Fabrication-arbres-e1655376288702-edited.jpg\" alt=\"\" class=\"wp-image-857\" srcset=\"https:\/\/lapocheaviolons.fr\/wp-content\/uploads\/2025\/09\/Fabrication-arbres-e1655376288702-edited.jpg 403w, https:\/\/lapocheaviolons.fr\/wp-content\/uploads\/2025\/09\/Fabrication-arbres-e1655376288702-edited-300x225.jpg 300w\" sizes=\"(max-width: 403px) 100vw, 403px\" \/><\/figure>\n\n\n\n<figure class=\"wp-block-image size-full\"><img decoding=\"async\" loading=\"lazy\" width=\"375\" height=\"500\" data-id=\"348\"  src=\"https:\/\/lapocheaviolons.fr\/wp-content\/uploads\/2020\/06\/Tilleul-face-e1655376306682.jpg\" alt=\"\" class=\"wp-image-348\"\/><\/figure>\n\n\n\n<figure class=\"wp-block-image size-large\"><img decoding=\"async\" data-id=\"360\"  src=\"https:\/\/lapocheaviolons.fr\/wp-content\/uploads\/2020\/06\/Fabrication-e\u0301tabli.jpg\" alt=\"\" class=\"wp-image-360\"\/><\/figure>\n\n\n\n<figure class=\"wp-block-image size-full\"><img decoding=\"async\" loading=\"lazy\" width=\"324\" height=\"500\" data-id=\"345\"  src=\"https:\/\/lapocheaviolons.fr\/wp-content\/uploads\/2020\/06\/Arbre-et-Me\u0301canisme-Jobin-2-e1655376317411.jpg\" alt=\"\" class=\"wp-image-345\"\/><\/figure>\n\n\n\n<figure class=\"wp-block-image size-large\"><img decoding=\"async\" loading=\"lazy\" width=\"684\" height=\"1024\" data-id=\"618\"  src=\"https:\/\/lapocheaviolons.fr\/wp-content\/uploads\/2022\/06\/Anne-Lise-Arbre-a\u0300-musique-21-petit-684x1024.jpg\" alt=\"\" class=\"wp-image-618\"\/><\/figure>\n\n\n\n<figure class=\"wp-block-image size-full\"><img decoding=\"async\" loading=\"lazy\" width=\"272\" height=\"402\" data-id=\"621\"  src=\"https:\/\/lapocheaviolons.fr\/wp-content\/uploads\/2022\/06\/Arbre-a\u0300-musique-personnalise\u0301-petit.jpg\" alt=\"\" class=\"wp-image-621\" srcset=\"https:\/\/lapocheaviolons.fr\/wp-content\/uploads\/2022\/06\/Arbre-a\u0300-musique-personnalise\u0301-petit.jpg 272w, https:\/\/lapocheaviolons.fr\/wp-content\/uploads\/2022\/06\/Arbre-a\u0300-musique-personnalise\u0301-petit-203x300.jpg 203w\" sizes=\"(max-width: 272px) 100vw, 272px\" \/><\/figure>\n<\/figure>\n\n\n\n<p class=\"has-text-align-center has-text-color\" style=\"color:#c48f27\"><strong>Bo\u00eetes \u00e0 musique en bois &#8211; Recyclage de violons &#8211; Fabrication \u00e9cologique et artisanale<\/strong><\/p>\n\n\n\n<p class=\"has-text-align-center\">&#8211; <strong><em>venez les fabriquer vous-m\u00eame <a href=\"https:\/\/stage-luthier-vendee.fr\/?page_id=99\">en stage<\/a><\/em><\/strong> &#8211;<\/p>\n\n\n\n<div style=\"height:11px\" aria-hidden=\"true\" class=\"wp-block-spacer\"><\/div>\n\n\n<div class=\"wp-block-image\">\n<figure class=\"aligncenter size-large is-resized\"><img decoding=\"async\" loading=\"lazy\" src=\"https:\/\/lapocheaviolons.fr\/wp-content\/uploads\/2020\/06\/me\u0301canisme-universel-pose\u0301-1024x768.jpg\" alt=\"\" class=\"wp-image-327\" width=\"263\" height=\"197\"\/><figcaption class=\"wp-element-caption\">\u00ab\u00a0Pigouille\u00a0\u00bb pos\u00e9e sur un violon ancien us\u00e9<\/figcaption><\/figure><\/div>\n\n\n<p class=\"has-text-color\" style=\"color:#c48f27\"><strong>Les \u00ab\u00a0Pigouilles\u00a0\u00bb<\/strong><\/p>\n\n\n\n<p>Soucieuse de recycler au maximum les \u00ab\u00a0d\u00e9chets\u00a0\u00bb de l&rsquo;atelier, j&rsquo;ai mis au point un syst\u00e8me ing\u00e9nieux qui permet de <strong>continuer \u00e0 faire sonner<\/strong> les violons \u00ab\u00a0hors d&rsquo;\u00e9tat\u00a0\u00bb. Gr\u00e2ce \u00e0 la \u00ab\u00a0pigouille\u00a0\u00bb je leur \u00ab\u00a0ajoute\u00a0\u00bb un m\u00e9canisme de bo\u00eete \u00e0 musique qui fait r\u00e9sonner le violon sur un air nouveau (formule totalement <strong>r\u00e9versible<\/strong> &#8211; le violon est enti\u00e8rement <strong>pr\u00e9serv\u00e9<\/strong>).<\/p>\n\n\n\n<div style=\"height:25px\" aria-hidden=\"true\" class=\"wp-block-spacer\"><\/div>\n\n\n\n<p class=\"has-text-color\" style=\"color:#c48f27\"><strong>Les Arbres \u00e0 Musique<\/strong><\/p>\n\n\n\n<p>Dans le m\u00eame temps, j&rsquo;ai h\u00e9rit\u00e9 d&rsquo;un stock de <strong>bois de r\u00e9sonance<\/strong> ab\u00eem\u00e9 par un champignon. Je ne pourrai pas en faire des violons&#8230; alors j&rsquo;ai cherch\u00e9 comment le <strong>valoriser<\/strong>. Apr\u00e8s quelques essai pour choisir une forme originale, j&rsquo;ai cr\u00e9\u00e9 ces <strong>\u00e9l\u00e9gants arbres \u00e0 musique<\/strong> qui r\u00e9sonnent gr\u00e2ce aux excellents <strong>m\u00e9canismes suisses<\/strong> \u00e9l\u00e9gamment dissimul\u00e9s par leur \u00ab\u00a0tronc\u00a0\u00bb.<\/p>\n\n\n\n<figure class=\"wp-block-gallery has-nested-images columns-default is-cropped wp-block-gallery-3 is-layout-flex\">\n<figure class=\"wp-block-image size-large\"><img decoding=\"async\" data-id=\"287\"  src=\"https:\/\/lapocheaviolons.fr\/wp-content\/uploads\/2020\/04\/Arbre-1-a\u0300-musique-bois-2020-02.png\" alt=\"\" class=\"wp-image-287\"\/><figcaption class=\"wp-element-caption\">Arbre \u00e0 musique<\/figcaption><\/figure>\n\n\n\n<figure class=\"wp-block-image size-large\"><img decoding=\"async\" loading=\"lazy\" width=\"684\" height=\"1024\" data-id=\"618\"  src=\"https:\/\/lapocheaviolons.fr\/wp-content\/uploads\/2022\/06\/Anne-Lise-Arbre-a\u0300-musique-21-petit-684x1024.jpg\" alt=\"\" class=\"wp-image-618\"\/><figcaption class=\"wp-element-caption\">Applique murale<\/figcaption><\/figure>\n\n\n\n<figure class=\"wp-block-image size-large\"><img decoding=\"async\" loading=\"lazy\" width=\"272\" height=\"402\" data-id=\"621\"  src=\"https:\/\/lapocheaviolons.fr\/wp-content\/uploads\/2022\/06\/Arbre-a\u0300-musique-personnalise\u0301-petit.jpg\" alt=\"\" class=\"wp-image-621\" srcset=\"https:\/\/lapocheaviolons.fr\/wp-content\/uploads\/2022\/06\/Arbre-a\u0300-musique-personnalise\u0301-petit.jpg 272w, https:\/\/lapocheaviolons.fr\/wp-content\/uploads\/2022\/06\/Arbre-a\u0300-musique-personnalise\u0301-petit-203x300.jpg 203w\" sizes=\"(max-width: 272px) 100vw, 272px\" \/><figcaption class=\"wp-element-caption\">Arbre \u00e0 musique personnalis\u00e9<\/figcaption><\/figure>\n<\/figure>\n\n\n\n<p>Toutes mes cr\u00e9ations sont en <strong>vente \u00e0 l&rsquo;atelier<\/strong>.<\/p>\n\n\n\n<p>Vous pouvez aussi <strong>fabriquer vous-m\u00eame<\/strong> votre mod\u00e8le en <a href=\"https:\/\/stage-luthier-vendee.fr\/?page_id=99\">stage<\/a> (journ\u00e9e compl\u00e8te).<\/p>\n","protected":false},"excerpt":{"rendered":"<p>La BO\u00ceTE en BOIS d&rsquo;ARBRE \u00e0 MUSIQUE est une aventure qui a commenc\u00e9 en 2016\u2026 Bo\u00eetes \u00e0 musique en bois &#8211; Recyclage de violons &#8211; Fabrication \u00e9cologique et artisanale &#8211; venez les fabriquer vous-m\u00eame en stage &#8211; Les \u00ab\u00a0Pigouilles\u00a0\u00bb Soucieuse de recycler au maximum les \u00ab\u00a0d\u00e9chets\u00a0\u00bb de l&rsquo;atelier, j&rsquo;ai mis au point un syst\u00e8me ing\u00e9nieux &hellip; <\/p>\n<p class=\"link-more\"><a href=\"https:\/\/lapocheaviolons.fr\/?page_id=54\" class=\"more-link\">Continuer la lecture<span class=\"screen-reader-text\"> de &laquo;&nbsp;Arbres \u00e0 musique&nbsp;&raquo;<\/span><\/a><\/p>\n","protected":false},"author":1,"featured_media":0,"parent":0,"menu_order":4,"comment_status":"closed","ping_status":"closed","template":"","meta":[],"_links":{"self":[{"href":"https:\/\/lapocheaviolons.fr\/index.php?rest_route=\/wp\/v2\/pages\/54"}],"collection":[{"href":"https:\/\/lapocheaviolons.fr\/index.php?rest_route=\/wp\/v2\/pages"}],"about":[{"href":"https:\/\/lapocheaviolons.fr\/index.php?rest_route=\/wp\/v2\/types\/page"}],"author":[{"embeddable":true,"href":"https:\/\/lapocheaviolons.fr\/index.php?rest_route=\/wp\/v2\/users\/1"}],"replies":[{"embeddable":true,"href":"https:\/\/lapocheaviolons.fr\/index.php?rest_route=%2Fwp%2Fv2%2Fcomments&post=54"}],"version-history":[{"count":81,"href":"https:\/\/lapocheaviolons.fr\/index.php?rest_route=\/wp\/v2\/pages\/54\/revisions"}],"predecessor-version":[{"id":865,"href":"https:\/\/lapocheaviolons.fr\/index.php?rest_route=\/wp\/v2\/pages\/54\/revisions\/865"}],"wp:attachment":[{"href":"https:\/\/lapocheaviolons.fr\/index.php?rest_route=%2Fwp%2Fv2%2Fmedia&parent=54"}],"curies":[{"name":"wp","href":"https:\/\/api.w.org\/{rel}","templated":true}]}}